{"id":39416,"date":"2025-08-07T13:15:20","date_gmt":"2025-08-07T11:15:20","guid":{"rendered":"https:\/\/www.la-jonx.ch\/?post_type=product&#038;p=39416"},"modified":"2026-03-12T17:39:03","modified_gmt":"2026-03-12T16:39:03","slug":"herbst-in-genf-copie","status":"publish","type":"product","link":"https:\/\/www.la-jonx.ch\/de\/shop-de\/poster\/kantone\/genf\/herbst-in-genf-copie\/","title":{"rendered":"Der Strand von Eaux-Vives"},"content":{"rendered":"<h3>Plakat des Strandes von Eaux-Vives \u2014 Originales Schweizer Poster<\/h3>\n<p>Unser Plakat des Strandes von Eaux-Vives erz\u00e4hlt einen Moment, einen Ort, ein Licht. Ein goldenes Licht am Ende des Tages, warme und goldene T\u00f6ne \u2014 die Art von Szene, die Lust macht, sich dorthin zu teleportieren.<\/p>\n<p>Gedruckt in der Schweiz auf 180g halbmattes Papier, PEFC\/FSC-zertifiziert, ist es ein originelles Schweizer Geschenk oder ein sch\u00f6nes Dekorationselement f\u00fcr Ihr Wohnzimmer, Schlafzimmer oder B\u00fcro.<\/p>\n<h3>Der Strand von Eaux-Vives in wenigen Worten<\/h3>\n<p>Les Eaux-Vives, ein dynamisches Viertel von Genf, erstreckt sich vom See bis zum Parc de la Grange. Zwischen seinem Stadtstrand, seinen Restaurants und seinem Nachtleben ist es das junge und kosmopolitische Gesicht der Stadt.<\/p>\n<blockquote><p><em>\u00ab Der Sommer kommt nach Genf und die Stadt strahlt unter der goldenen Sonne. \u00bb<\/em><\/p><\/blockquote>\n<h3>Eigenschaften<\/h3>\n<ul>\n<li>Originale handgezeichnete Illustration \u2014 Atelier La Jonx, Genf<\/li>\n<li>Gedruckt in der Schweiz auf 180g halbmattes Papier, PEFC\/FSC-zertifiziert<\/li>\n<li>Verf\u00fcgbar in 30\u00d740 cm, 50\u00d770 cm und 70\u00d7100 cm<\/li>\n<li>Standardformate f\u00fcr eine einfache Rahmung<\/li>\n<li>Geliefert in einem festen Umschlag (30\u00d740) oder Schutzrohr (gro\u00dfe Formate)<\/li>\n<\/ul>\n","protected":false},"excerpt":{"rendered":"<p class='product-intro'>Dieses Plakat von La plage des Eaux-Vives ist eine Originalkreation, von Hand gezeichnet und in der Schweiz auf hochwertigem Papier gedruckt. Das ideale Geschenk f\u00fcr Liebhaber der Schweiz.<\/p>\n<p class='poesie'>Der Sommer l\u00e4dt nach Genf ein und die Stadt strahlt unter der goldenen Sonne.<\/p>\n<br\/>\n","protected":false},"featured_media":39442,"template":"","meta":{"_uag_custom_page_level_css":""},"product_brand":[],"product_cat":[2848,2855,2819,2824,2872],"product_tag":[2588,493,389,2587,2131,2586,1482],"class_list":{"0":"post-39416","1":"product","2":"type-product","3":"status-publish","4":"has-post-thumbnail","6":"product_cat-poster","7":"product_cat-genf","8":"product_cat-seen-und-flusse","9":"product_cat-kooperationen","10":"product_cat-kollektion-2025","11":"product_tag-erinnerung","12":"product_tag-genf","13":"product_tag-genfersee","14":"product_tag-geschenk","15":"product_tag-lebendiges-wasser","16":"product_tag-strand","17":"product_tag-wasserstrahl","19":"first","20":"instock","21":"shipping-taxable","22":"purchasable","23":"product-type-variable","24":"has-default-attributes"},"yoast_head":"<!-- This site is optimized with the Yoast SEO Premium plugin v27.4 (Yoast SEO v27.4) - https:\/\/yoast.com\/product\/yoast-seo-premium-wordpress\/ -->\n<title>Plakat der Eaux-Vives-Strandes | Poster Schweiz Handgemacht<\/title>\n<meta name=\"description\" content=\"Poster vom Strand Eaux-Vives, handgezeichnetes Schweizer Plakat in Genf. Gedruckt in der Schweiz. Ideal als Schweizer Geschenk oder einzigartige Wanddekoration.\" \/>\n<meta name=\"robots\" content=\"index, follow, max-snippet:-1, max-image-preview:large, max-video-preview:-1\" \/>\n<link rel=\"canonical\" href=\"https:\/\/www.la-jonx.ch\/de\/shop-de\/poster\/kantone\/genf\/herbst-in-genf-copie\/\" \/>\n<meta property=\"og:locale\" content=\"de_DE\" \/>\n<meta property=\"og:type\" content=\"article\" \/>\n<meta property=\"og:title\" content=\"Der Strand von Eaux-Vives\" \/>\n<meta property=\"og:description\" content=\"Poster vom Strand Eaux-Vives, handgezeichnetes Schweizer Plakat in Genf. Gedruckt in der Schweiz. Ideal als Schweizer Geschenk oder einzigartige Wanddekoration.\" \/>\n<meta property=\"og:url\" content=\"https:\/\/www.la-jonx.ch\/de\/shop-de\/poster\/kantone\/genf\/herbst-in-genf-copie\/\" \/>\n<meta property=\"og:site_name\" content=\"La Jonx\" \/>\n<meta property=\"article:publisher\" content=\"https:\/\/www.facebook.com\/lajonx.ch\" \/>\n<meta property=\"article:modified_time\" content=\"2026-03-12T16:39:03+00:00\" \/>\n<meta property=\"og:image\" content=\"https:\/\/www.la-jonx.ch\/wp-content\/uploads\/2025\/08\/1-Affiche-Suisse-Poster-La-Jonx-Plage-des-Eaux-Vives.jpg\" \/>\n\t<meta property=\"og:image:width\" content=\"1466\" \/>\n\t<meta property=\"og:image:height\" content=\"1728\" \/>\n\t<meta property=\"og:image:type\" content=\"image\/jpeg\" \/>\n<meta name=\"twitter:card\" content=\"summary_large_image\" \/>\n<meta name=\"twitter:label1\" content=\"Verf\u00fcgbarkeit\" \/>\n\t<meta name=\"twitter:data1\" content=\"Auf Lager\" \/>\n<script type=\"application\/ld+json\" class=\"yoast-schema-graph\">{\"@context\":\"https:\\\/\\\/schema.org\",\"@graph\":[{\"@type\":\"WebPage\",\"@id\":\"https:\\\/\\\/www.la-jonx.ch\\\/de\\\/shop-de\\\/poster\\\/kantone\\\/genf\\\/herbst-in-genf-copie\\\/\",\"url\":\"https:\\\/\\\/www.la-jonx.ch\\\/de\\\/shop-de\\\/poster\\\/kantone\\\/genf\\\/herbst-in-genf-copie\\\/\",\"name\":\"Plakat der Eaux-Vives-Strandes | Poster Schweiz Handgemacht\",\"isPartOf\":{\"@id\":\"https:\\\/\\\/www.la-jonx.ch\\\/de\\\/#website\"},\"primaryImageOfPage\":{\"@id\":\"https:\\\/\\\/www.la-jonx.ch\\\/de\\\/shop-de\\\/poster\\\/kantone\\\/genf\\\/herbst-in-genf-copie\\\/#primaryimage\"},\"image\":{\"@id\":\"https:\\\/\\\/www.la-jonx.ch\\\/de\\\/shop-de\\\/poster\\\/kantone\\\/genf\\\/herbst-in-genf-copie\\\/#primaryimage\"},\"thumbnailUrl\":\"https:\\\/\\\/www.la-jonx.ch\\\/wp-content\\\/uploads\\\/2025\\\/08\\\/1-Affiche-Suisse-Poster-La-Jonx-Plage-des-Eaux-Vives.jpg\",\"datePublished\":\"2025-08-07T11:15:20+00:00\",\"dateModified\":\"2026-03-12T16:39:03+00:00\",\"description\":\"Poster vom Strand Eaux-Vives, handgezeichnetes Schweizer Plakat in Genf. Gedruckt in der Schweiz. Ideal als Schweizer Geschenk oder einzigartige Wanddekoration.\",\"breadcrumb\":{\"@id\":\"https:\\\/\\\/www.la-jonx.ch\\\/de\\\/shop-de\\\/poster\\\/kantone\\\/genf\\\/herbst-in-genf-copie\\\/#breadcrumb\"},\"inLanguage\":\"de\",\"potentialAction\":[{\"@type\":\"ReadAction\",\"target\":[\"https:\\\/\\\/www.la-jonx.ch\\\/de\\\/shop-de\\\/poster\\\/kantone\\\/genf\\\/herbst-in-genf-copie\\\/\"]}]},{\"@type\":\"ImageObject\",\"inLanguage\":\"de\",\"@id\":\"https:\\\/\\\/www.la-jonx.ch\\\/de\\\/shop-de\\\/poster\\\/kantone\\\/genf\\\/herbst-in-genf-copie\\\/#primaryimage\",\"url\":\"https:\\\/\\\/www.la-jonx.ch\\\/wp-content\\\/uploads\\\/2025\\\/08\\\/1-Affiche-Suisse-Poster-La-Jonx-Plage-des-Eaux-Vives.jpg\",\"contentUrl\":\"https:\\\/\\\/www.la-jonx.ch\\\/wp-content\\\/uploads\\\/2025\\\/08\\\/1-Affiche-Suisse-Poster-La-Jonx-Plage-des-Eaux-Vives.jpg\",\"width\":1466,\"height\":1728,\"caption\":\"Screenshot\"},{\"@type\":\"BreadcrumbList\",\"@id\":\"https:\\\/\\\/www.la-jonx.ch\\\/de\\\/shop-de\\\/poster\\\/kantone\\\/genf\\\/herbst-in-genf-copie\\\/#breadcrumb\",\"itemListElement\":[{\"@type\":\"ListItem\",\"position\":1,\"name\":\"Accueil\",\"item\":\"https:\\\/\\\/www.la-jonx.ch\\\/de\\\/\"},{\"@type\":\"ListItem\",\"position\":2,\"name\":\"Shop\",\"item\":\"https:\\\/\\\/www.la-jonx.ch\\\/shop\\\/?lang=de\"},{\"@type\":\"ListItem\",\"position\":3,\"name\":\"Poster\",\"item\":\"https:\\\/\\\/www.la-jonx.ch\\\/de\\\/produktkategorie\\\/poster\\\/\"},{\"@type\":\"ListItem\",\"position\":4,\"name\":\"KANTONE\",\"item\":\"https:\\\/\\\/www.la-jonx.ch\\\/de\\\/produktkategorie\\\/poster\\\/kantone\\\/\"},{\"@type\":\"ListItem\",\"position\":5,\"name\":\"Genf\",\"item\":\"https:\\\/\\\/www.la-jonx.ch\\\/de\\\/produktkategorie\\\/poster\\\/kantone\\\/genf\\\/\"},{\"@type\":\"ListItem\",\"position\":6,\"name\":\"Der Strand von Eaux-Vives\"}]},{\"@type\":\"WebSite\",\"@id\":\"https:\\\/\\\/www.la-jonx.ch\\\/de\\\/#website\",\"url\":\"https:\\\/\\\/www.la-jonx.ch\\\/de\\\/\",\"name\":\"La Jonx\",\"description\":\"Schweizer Grafikwerkstatt\",\"publisher\":{\"@id\":\"https:\\\/\\\/www.la-jonx.ch\\\/de\\\/#organization\"},\"potentialAction\":[{\"@type\":\"SearchAction\",\"target\":{\"@type\":\"EntryPoint\",\"urlTemplate\":\"https:\\\/\\\/www.la-jonx.ch\\\/de\\\/?s={search_term_string}\"},\"query-input\":{\"@type\":\"PropertyValueSpecification\",\"valueRequired\":true,\"valueName\":\"search_term_string\"}}],\"inLanguage\":\"de\"},{\"@type\":\"Organization\",\"@id\":\"https:\\\/\\\/www.la-jonx.ch\\\/de\\\/#organization\",\"name\":\"La Jonx\",\"url\":\"https:\\\/\\\/www.la-jonx.ch\\\/de\\\/\",\"logo\":{\"@type\":\"ImageObject\",\"inLanguage\":\"de\",\"@id\":\"https:\\\/\\\/www.la-jonx.ch\\\/de\\\/#\\\/schema\\\/logo\\\/image\\\/\",\"url\":\"https:\\\/\\\/www.la-jonx.ch\\\/wp-content\\\/uploads\\\/2021\\\/09\\\/logo-la-jonx-atzelier-graphique.png\",\"contentUrl\":\"https:\\\/\\\/www.la-jonx.ch\\\/wp-content\\\/uploads\\\/2021\\\/09\\\/logo-la-jonx-atzelier-graphique.png\",\"width\":378,\"height\":129,\"caption\":\"La Jonx\"},\"image\":{\"@id\":\"https:\\\/\\\/www.la-jonx.ch\\\/de\\\/#\\\/schema\\\/logo\\\/image\\\/\"},\"sameAs\":[\"https:\\\/\\\/www.facebook.com\\\/lajonx.ch\",\"https:\\\/\\\/www.instagram.com\\\/lajonx.ch\\\/?hl=fr\"]}]}<\/script>\n<meta property=\"og:availability\" content=\"instock\" \/>\n<meta property=\"product:availability\" content=\"instock\" \/>\n<meta property=\"product:condition\" content=\"new\" \/>\n<!-- \/ Yoast SEO Premium plugin. -->","yoast_head_json":{"title":"Plakat der Eaux-Vives-Strandes | Poster Schweiz Handgemacht","description":"Poster vom Strand Eaux-Vives, handgezeichnetes Schweizer Plakat in Genf. Gedruckt in der Schweiz. Ideal als Schweizer Geschenk oder einzigartige Wanddekoration.","robots":{"index":"index","follow":"follow","max-snippet":"max-snippet:-1","max-image-preview":"max-image-preview:large","max-video-preview":"max-video-preview:-1"},"canonical":"https:\/\/www.la-jonx.ch\/de\/shop-de\/poster\/kantone\/genf\/herbst-in-genf-copie\/","og_locale":"de_DE","og_type":"article","og_title":"Der Strand von Eaux-Vives","og_description":"Poster vom Strand Eaux-Vives, handgezeichnetes Schweizer Plakat in Genf. Gedruckt in der Schweiz. Ideal als Schweizer Geschenk oder einzigartige Wanddekoration.","og_url":"https:\/\/www.la-jonx.ch\/de\/shop-de\/poster\/kantone\/genf\/herbst-in-genf-copie\/","og_site_name":"La Jonx","article_publisher":"https:\/\/www.facebook.com\/lajonx.ch","article_modified_time":"2026-03-12T16:39:03+00:00","og_image":[{"width":1466,"height":1728,"url":"https:\/\/www.la-jonx.ch\/wp-content\/uploads\/2025\/08\/1-Affiche-Suisse-Poster-La-Jonx-Plage-des-Eaux-Vives.jpg","type":"image\/jpeg"}],"twitter_card":"summary_large_image","twitter_misc":{"Verf\u00fcgbarkeit":"Auf Lager"},"schema":{"@context":"https:\/\/schema.org","@graph":[{"@type":"WebPage","@id":"https:\/\/www.la-jonx.ch\/de\/shop-de\/poster\/kantone\/genf\/herbst-in-genf-copie\/","url":"https:\/\/www.la-jonx.ch\/de\/shop-de\/poster\/kantone\/genf\/herbst-in-genf-copie\/","name":"Plakat der Eaux-Vives-Strandes | Poster Schweiz Handgemacht","isPartOf":{"@id":"https:\/\/www.la-jonx.ch\/de\/#website"},"primaryImageOfPage":{"@id":"https:\/\/www.la-jonx.ch\/de\/shop-de\/poster\/kantone\/genf\/herbst-in-genf-copie\/#primaryimage"},"image":{"@id":"https:\/\/www.la-jonx.ch\/de\/shop-de\/poster\/kantone\/genf\/herbst-in-genf-copie\/#primaryimage"},"thumbnailUrl":"https:\/\/www.la-jonx.ch\/wp-content\/uploads\/2025\/08\/1-Affiche-Suisse-Poster-La-Jonx-Plage-des-Eaux-Vives.jpg","datePublished":"2025-08-07T11:15:20+00:00","dateModified":"2026-03-12T16:39:03+00:00","description":"Poster vom Strand Eaux-Vives, handgezeichnetes Schweizer Plakat in Genf. Gedruckt in der Schweiz. Ideal als Schweizer Geschenk oder einzigartige Wanddekoration.","breadcrumb":{"@id":"https:\/\/www.la-jonx.ch\/de\/shop-de\/poster\/kantone\/genf\/herbst-in-genf-copie\/#breadcrumb"},"inLanguage":"de","potentialAction":[{"@type":"ReadAction","target":["https:\/\/www.la-jonx.ch\/de\/shop-de\/poster\/kantone\/genf\/herbst-in-genf-copie\/"]}]},{"@type":"ImageObject","inLanguage":"de","@id":"https:\/\/www.la-jonx.ch\/de\/shop-de\/poster\/kantone\/genf\/herbst-in-genf-copie\/#primaryimage","url":"https:\/\/www.la-jonx.ch\/wp-content\/uploads\/2025\/08\/1-Affiche-Suisse-Poster-La-Jonx-Plage-des-Eaux-Vives.jpg","contentUrl":"https:\/\/www.la-jonx.ch\/wp-content\/uploads\/2025\/08\/1-Affiche-Suisse-Poster-La-Jonx-Plage-des-Eaux-Vives.jpg","width":1466,"height":1728,"caption":"Screenshot"},{"@type":"BreadcrumbList","@id":"https:\/\/www.la-jonx.ch\/de\/shop-de\/poster\/kantone\/genf\/herbst-in-genf-copie\/#breadcrumb","itemListElement":[{"@type":"ListItem","position":1,"name":"Accueil","item":"https:\/\/www.la-jonx.ch\/de\/"},{"@type":"ListItem","position":2,"name":"Shop","item":"https:\/\/www.la-jonx.ch\/shop\/?lang=de"},{"@type":"ListItem","position":3,"name":"Poster","item":"https:\/\/www.la-jonx.ch\/de\/produktkategorie\/poster\/"},{"@type":"ListItem","position":4,"name":"KANTONE","item":"https:\/\/www.la-jonx.ch\/de\/produktkategorie\/poster\/kantone\/"},{"@type":"ListItem","position":5,"name":"Genf","item":"https:\/\/www.la-jonx.ch\/de\/produktkategorie\/poster\/kantone\/genf\/"},{"@type":"ListItem","position":6,"name":"Der Strand von Eaux-Vives"}]},{"@type":"WebSite","@id":"https:\/\/www.la-jonx.ch\/de\/#website","url":"https:\/\/www.la-jonx.ch\/de\/","name":"La Jonx","description":"Schweizer Grafikwerkstatt","publisher":{"@id":"https:\/\/www.la-jonx.ch\/de\/#organization"},"potentialAction":[{"@type":"SearchAction","target":{"@type":"EntryPoint","urlTemplate":"https:\/\/www.la-jonx.ch\/de\/?s={search_term_string}"},"query-input":{"@type":"PropertyValueSpecification","valueRequired":true,"valueName":"search_term_string"}}],"inLanguage":"de"},{"@type":"Organization","@id":"https:\/\/www.la-jonx.ch\/de\/#organization","name":"La Jonx","url":"https:\/\/www.la-jonx.ch\/de\/","logo":{"@type":"ImageObject","inLanguage":"de","@id":"https:\/\/www.la-jonx.ch\/de\/#\/schema\/logo\/image\/","url":"https:\/\/www.la-jonx.ch\/wp-content\/uploads\/2021\/09\/logo-la-jonx-atzelier-graphique.png","contentUrl":"https:\/\/www.la-jonx.ch\/wp-content\/uploads\/2021\/09\/logo-la-jonx-atzelier-graphique.png","width":378,"height":129,"caption":"La Jonx"},"image":{"@id":"https:\/\/www.la-jonx.ch\/de\/#\/schema\/logo\/image\/"},"sameAs":["https:\/\/www.facebook.com\/lajonx.ch","https:\/\/www.instagram.com\/lajonx.ch\/?hl=fr"]}]},"og_availability":"instock","product_availability":"instock","product_condition":"new"},"additional_image_1":"https:\/\/www.la-jonx.ch\/wp-content\/uploads\/2025\/08\/66-Affiche-Suisse-La-Jonx-dans-un-salon-Plage-des-Eaux-Vives.webp","additional_image_2":"https:\/\/www.la-jonx.ch\/wp-content\/uploads\/2025\/08\/19-Enveloppe-avec-Poster-La-Jonx-Plage-des-Eaux-Vives.jpg","uagb_featured_image_src":{"full":["https:\/\/www.la-jonx.ch\/wp-content\/uploads\/2025\/08\/1-Affiche-Suisse-Poster-La-Jonx-Plage-des-Eaux-Vives.jpg",1466,1728,false],"thumbnail":["https:\/\/www.la-jonx.ch\/wp-content\/uploads\/2025\/08\/1-Affiche-Suisse-Poster-La-Jonx-Plage-des-Eaux-Vives-150x150.jpg",150,150,true],"medium":["https:\/\/www.la-jonx.ch\/wp-content\/uploads\/2025\/08\/1-Affiche-Suisse-Poster-La-Jonx-Plage-des-Eaux-Vives-255x300.jpg",255,300,true],"medium_large":["https:\/\/www.la-jonx.ch\/wp-content\/uploads\/2025\/08\/1-Affiche-Suisse-Poster-La-Jonx-Plage-des-Eaux-Vives-768x905.jpg",768,905,true],"large":["https:\/\/www.la-jonx.ch\/wp-content\/uploads\/2025\/08\/1-Affiche-Suisse-Poster-La-Jonx-Plage-des-Eaux-Vives-869x1024.jpg",869,1024,true],"1536x1536":["https:\/\/www.la-jonx.ch\/wp-content\/uploads\/2025\/08\/1-Affiche-Suisse-Poster-La-Jonx-Plage-des-Eaux-Vives-1303x1536.jpg",1303,1536,true],"2048x2048":["https:\/\/www.la-jonx.ch\/wp-content\/uploads\/2025\/08\/1-Affiche-Suisse-Poster-La-Jonx-Plage-des-Eaux-Vives.jpg",1466,1728,false],"woocommerce_thumbnail":["https:\/\/www.la-jonx.ch\/wp-content\/uploads\/2025\/08\/1-Affiche-Suisse-Poster-La-Jonx-Plage-des-Eaux-Vives-350x420.jpg",350,420,true],"woocommerce_single":["https:\/\/www.la-jonx.ch\/wp-content\/uploads\/2025\/08\/1-Affiche-Suisse-Poster-La-Jonx-Plage-des-Eaux-Vives-510x601.jpg",510,601,true],"woocommerce_gallery_thumbnail":["https:\/\/www.la-jonx.ch\/wp-content\/uploads\/2025\/08\/1-Affiche-Suisse-Poster-La-Jonx-Plage-des-Eaux-Vives-100x100.jpg",100,100,true],"dgwt-wcas-product-suggestion":["https:\/\/www.la-jonx.ch\/wp-content\/uploads\/2025\/08\/1-Affiche-Suisse-Poster-La-Jonx-Plage-des-Eaux-Vives.jpg",64,75,false]},"uagb_author_info":{"display_name":"L'atelier La Jonx","author_link":"https:\/\/www.la-jonx.ch\/de\/author\/"},"uagb_comment_info":0,"uagb_excerpt":"Dieses Plakat von La plage des Eaux-Vives ist eine Originalkreation, von Hand gezeichnet und in der Schweiz auf hochwertigem Papier gedruckt. Das ideale Geschenk f\u00fcr Liebhaber der Schweiz.Der Sommer l\u00e4dt nach Genf ein und die Stadt strahlt unter der goldenen Sonne.[block id='affiches-short-description-addon']","_links":{"self":[{"href":"https:\/\/www.la-jonx.ch\/de\/wp-json\/wp\/v2\/product\/39416","targetHints":{"allow":["GET"]}}],"collection":[{"href":"https:\/\/www.la-jonx.ch\/de\/wp-json\/wp\/v2\/product"}],"about":[{"href":"https:\/\/www.la-jonx.ch\/de\/wp-json\/wp\/v2\/types\/product"}],"wp:featuredmedia":[{"embeddable":true,"href":"https:\/\/www.la-jonx.ch\/de\/wp-json\/wp\/v2\/media\/39442"}],"wp:attachment":[{"href":"https:\/\/www.la-jonx.ch\/de\/wp-json\/wp\/v2\/media?parent=39416"}],"wp:term":[{"taxonomy":"product_brand","embeddable":true,"href":"https:\/\/www.la-jonx.ch\/de\/wp-json\/wp\/v2\/product_brand?post=39416"},{"taxonomy":"product_cat","embeddable":true,"href":"https:\/\/www.la-jonx.ch\/de\/wp-json\/wp\/v2\/product_cat?post=39416"},{"taxonomy":"product_tag","embeddable":true,"href":"https:\/\/www.la-jonx.ch\/de\/wp-json\/wp\/v2\/product_tag?post=39416"}],"curies":[{"name":"wp","href":"https:\/\/api.w.org\/{rel}","templated":true}]}}