{"id":39903,"date":"2025-08-20T14:39:17","date_gmt":"2025-08-20T12:39:17","guid":{"rendered":"https:\/\/www.la-jonx.ch\/?post_type=product&#038;p=39903"},"modified":"2026-03-12T17:43:16","modified_gmt":"2026-03-12T16:43:16","slug":"strandtucher-geneva-copie-copie-4","status":"publish","type":"product","link":"https:\/\/www.la-jonx.ch\/de\/shop-de\/lifestyle\/strandtucher\/strandtucher-geneva-copie-copie-4\/","title":{"rendered":"Strandt\u00fccher &#8211; Waadt, Die gute Seite des Sees"},"content":{"rendered":"<h3>Strandtuch \u00ab Waadt, Die gute Seite des Sees \u00bb \u2014 Accessoire im Schweizer Design<\/h3>\n<p>Ein stilvolles Strandtuch ist ein Schweizer Geschenk, das \u00fcberrascht und gef\u00e4llt. Dieses Modell \u00ab Waadt, Die gute Seite des Sees \u00bb im originellen Design von La Jonx wird Sie an den See, ins Schwimmbad oder auf Reisen begleiten.<\/p>\n<blockquote><p><em>\u00ab Die gute Seite des Sees auf Ihrem Strandtuch. Waadt-Seite, nat\u00fcrlich \u2014 es ist die sch\u00f6nste. \u00bb<\/em><\/p><\/blockquote>\n<h3>Eigenschaften<\/h3>\n<ul>\n<li>Originelles Design \u2014 La Jonx, Genf<\/li>\n<li>Gro\u00dfes Format f\u00fcr Strand\/Schwimmbad<\/li>\n<li>Weiches und saugf\u00e4higes Material<\/li>\n<\/ul>\n","protected":false},"excerpt":{"rendered":"<p class='product-intro'>Dieses Strandtuch Vaud, Die gute Seite des Sees ist eine originelle Kreation, handgezeichnet in unserem Atelier in Genf. Ein originelles und poetisches Geschenk.<\/p>\n<p class='poesie'>Die gute Seite des Sees auf Ihrem Strandtuch. Seite Vaud, nat\u00fcrlich \u2014 es ist die sch\u00f6nste.<\/p>\n","protected":false},"featured_media":39914,"template":"","meta":{"_uag_custom_page_level_css":""},"product_brand":[],"product_cat":[2840],"product_tag":[],"class_list":{"0":"post-39903","1":"product","2":"type-product","3":"status-publish","4":"has-post-thumbnail","6":"product_cat-strandtucher","7":"product_shipping_class-package-de","9":"first","10":"outofstock","11":"shipping-taxable","12":"purchasable","13":"product-type-simple"},"yoast_head":"<!-- This site is optimized with the Yoast SEO Premium plugin v27.4 (Yoast SEO v27.5) - https:\/\/yoast.com\/product\/yoast-seo-premium-wordpress\/ -->\n<title>Linge de Plage Vaud, Die gute Seite des Sees | Schweizer Design \ud83c\udde8\ud83c\udded<\/title>\n<meta name=\"description\" content=\"Strandtuch Vaud, Die gute Seite des Sees, originales Schweizer Design La Jonx. Gro\u00dfformat, weiches und saugf\u00e4higes Material. Ideales Schweizer Geschenk f\u00fcr den Sommer.\" \/>\n<meta name=\"robots\" content=\"index, follow, max-snippet:-1, max-image-preview:large, max-video-preview:-1\" \/>\n<link rel=\"canonical\" href=\"https:\/\/www.la-jonx.ch\/de\/shop-de\/lifestyle\/strandtucher\/strandtucher-geneva-copie-copie-4\/\" \/>\n<meta property=\"og:locale\" content=\"de_DE\" \/>\n<meta property=\"og:type\" content=\"article\" \/>\n<meta property=\"og:title\" content=\"Strandt\u00fccher - Waadt, Die gute Seite des Sees\" \/>\n<meta property=\"og:description\" content=\"Strandtuch Vaud, Die gute Seite des Sees, originales Schweizer Design La Jonx. Gro\u00dfformat, weiches und saugf\u00e4higes Material. Ideales Schweizer Geschenk f\u00fcr den Sommer.\" \/>\n<meta property=\"og:url\" content=\"https:\/\/www.la-jonx.ch\/de\/shop-de\/lifestyle\/strandtucher\/strandtucher-geneva-copie-copie-4\/\" \/>\n<meta property=\"og:site_name\" content=\"La Jonx\" \/>\n<meta property=\"article:publisher\" content=\"https:\/\/www.facebook.com\/lajonx.ch\" \/>\n<meta property=\"article:modified_time\" content=\"2026-03-12T16:43:16+00:00\" \/>\n<meta property=\"og:image\" content=\"https:\/\/www.la-jonx.ch\/wp-content\/uploads\/2025\/08\/le-bon-cote-du-lac-vaud-ling-de-plage.webp\" \/>\n\t<meta property=\"og:image:width\" content=\"1466\" \/>\n\t<meta property=\"og:image:height\" content=\"1728\" \/>\n\t<meta property=\"og:image:type\" content=\"image\/webp\" \/>\n<meta name=\"twitter:card\" content=\"summary_large_image\" \/>\n<meta name=\"twitter:label1\" content=\"Preis\" \/>\n\t<meta name=\"twitter:data1\" content=\"&#067;&#072;&#070;&nbsp;40.0\" \/>\n\t<meta name=\"twitter:label2\" content=\"Verf\u00fcgbarkeit\" \/>\n\t<meta name=\"twitter:data2\" content=\"ausverkauft\" \/>\n<script type=\"application\/ld+json\" class=\"yoast-schema-graph\">{\"@context\":\"https:\\\/\\\/schema.org\",\"@graph\":[{\"@type\":\"WebPage\",\"@id\":\"https:\\\/\\\/www.la-jonx.ch\\\/de\\\/shop-de\\\/lifestyle\\\/strandtucher\\\/strandtucher-geneva-copie-copie-4\\\/\",\"url\":\"https:\\\/\\\/www.la-jonx.ch\\\/de\\\/shop-de\\\/lifestyle\\\/strandtucher\\\/strandtucher-geneva-copie-copie-4\\\/\",\"name\":\"Linge de Plage Vaud, Die gute Seite des Sees | Schweizer Design \ud83c\udde8\ud83c\udded\",\"isPartOf\":{\"@id\":\"https:\\\/\\\/www.la-jonx.ch\\\/de\\\/#website\"},\"primaryImageOfPage\":{\"@id\":\"https:\\\/\\\/www.la-jonx.ch\\\/de\\\/shop-de\\\/lifestyle\\\/strandtucher\\\/strandtucher-geneva-copie-copie-4\\\/#primaryimage\"},\"image\":{\"@id\":\"https:\\\/\\\/www.la-jonx.ch\\\/de\\\/shop-de\\\/lifestyle\\\/strandtucher\\\/strandtucher-geneva-copie-copie-4\\\/#primaryimage\"},\"thumbnailUrl\":\"https:\\\/\\\/www.la-jonx.ch\\\/wp-content\\\/uploads\\\/2025\\\/08\\\/le-bon-cote-du-lac-vaud-ling-de-plage.webp\",\"datePublished\":\"2025-08-20T12:39:17+00:00\",\"dateModified\":\"2026-03-12T16:43:16+00:00\",\"description\":\"Strandtuch Vaud, Die gute Seite des Sees, originales Schweizer Design La Jonx. Gro\u00dfformat, weiches und saugf\u00e4higes Material. Ideales Schweizer Geschenk f\u00fcr den Sommer.\",\"breadcrumb\":{\"@id\":\"https:\\\/\\\/www.la-jonx.ch\\\/de\\\/shop-de\\\/lifestyle\\\/strandtucher\\\/strandtucher-geneva-copie-copie-4\\\/#breadcrumb\"},\"inLanguage\":\"de\",\"potentialAction\":[{\"@type\":\"ReadAction\",\"target\":[\"https:\\\/\\\/www.la-jonx.ch\\\/de\\\/shop-de\\\/lifestyle\\\/strandtucher\\\/strandtucher-geneva-copie-copie-4\\\/\"]}]},{\"@type\":\"ImageObject\",\"inLanguage\":\"de\",\"@id\":\"https:\\\/\\\/www.la-jonx.ch\\\/de\\\/shop-de\\\/lifestyle\\\/strandtucher\\\/strandtucher-geneva-copie-copie-4\\\/#primaryimage\",\"url\":\"https:\\\/\\\/www.la-jonx.ch\\\/wp-content\\\/uploads\\\/2025\\\/08\\\/le-bon-cote-du-lac-vaud-ling-de-plage.webp\",\"contentUrl\":\"https:\\\/\\\/www.la-jonx.ch\\\/wp-content\\\/uploads\\\/2025\\\/08\\\/le-bon-cote-du-lac-vaud-ling-de-plage.webp\",\"width\":1466,\"height\":1728},{\"@type\":\"BreadcrumbList\",\"@id\":\"https:\\\/\\\/www.la-jonx.ch\\\/de\\\/shop-de\\\/lifestyle\\\/strandtucher\\\/strandtucher-geneva-copie-copie-4\\\/#breadcrumb\",\"itemListElement\":[{\"@type\":\"ListItem\",\"position\":1,\"name\":\"Accueil\",\"item\":\"https:\\\/\\\/www.la-jonx.ch\\\/de\\\/\"},{\"@type\":\"ListItem\",\"position\":2,\"name\":\"Shop\",\"item\":\"https:\\\/\\\/www.la-jonx.ch\\\/shop\\\/?lang=de\"},{\"@type\":\"ListItem\",\"position\":3,\"name\":\"Lifestyle\",\"item\":\"https:\\\/\\\/www.la-jonx.ch\\\/de\\\/produktkategorie\\\/lifestyle\\\/\"},{\"@type\":\"ListItem\",\"position\":4,\"name\":\"Strandt\u00fccher\",\"item\":\"https:\\\/\\\/www.la-jonx.ch\\\/de\\\/produktkategorie\\\/lifestyle\\\/strandtucher\\\/\"},{\"@type\":\"ListItem\",\"position\":5,\"name\":\"Strandt\u00fccher &#8211; Waadt, Die gute Seite des Sees\"}]},{\"@type\":\"WebSite\",\"@id\":\"https:\\\/\\\/www.la-jonx.ch\\\/de\\\/#website\",\"url\":\"https:\\\/\\\/www.la-jonx.ch\\\/de\\\/\",\"name\":\"La Jonx\",\"description\":\"Schweizer Grafikwerkstatt\",\"publisher\":{\"@id\":\"https:\\\/\\\/www.la-jonx.ch\\\/de\\\/#organization\"},\"potentialAction\":[{\"@type\":\"SearchAction\",\"target\":{\"@type\":\"EntryPoint\",\"urlTemplate\":\"https:\\\/\\\/www.la-jonx.ch\\\/de\\\/?s={search_term_string}\"},\"query-input\":{\"@type\":\"PropertyValueSpecification\",\"valueRequired\":true,\"valueName\":\"search_term_string\"}}],\"inLanguage\":\"de\"},{\"@type\":\"Organization\",\"@id\":\"https:\\\/\\\/www.la-jonx.ch\\\/de\\\/#organization\",\"name\":\"La Jonx\",\"url\":\"https:\\\/\\\/www.la-jonx.ch\\\/de\\\/\",\"logo\":{\"@type\":\"ImageObject\",\"inLanguage\":\"de\",\"@id\":\"https:\\\/\\\/www.la-jonx.ch\\\/de\\\/#\\\/schema\\\/logo\\\/image\\\/\",\"url\":\"https:\\\/\\\/www.la-jonx.ch\\\/wp-content\\\/uploads\\\/2021\\\/09\\\/logo-la-jonx-atzelier-graphique.png\",\"contentUrl\":\"https:\\\/\\\/www.la-jonx.ch\\\/wp-content\\\/uploads\\\/2021\\\/09\\\/logo-la-jonx-atzelier-graphique.png\",\"width\":378,\"height\":129,\"caption\":\"La Jonx\"},\"image\":{\"@id\":\"https:\\\/\\\/www.la-jonx.ch\\\/de\\\/#\\\/schema\\\/logo\\\/image\\\/\"},\"sameAs\":[\"https:\\\/\\\/www.facebook.com\\\/lajonx.ch\",\"https:\\\/\\\/www.instagram.com\\\/lajonx.ch\\\/?hl=fr\"]}]}<\/script>\n<meta property=\"product:price:amount\" content=\"40.0\" \/>\n<meta property=\"product:price:currency\" content=\"CHF\" \/>\n<meta property=\"og:availability\" content=\"out of stock\" \/>\n<meta property=\"product:availability\" content=\"out of stock\" \/>\n<meta property=\"product:retailer_item_id\" content=\"3760442020253\" \/>\n<meta property=\"product:condition\" content=\"new\" \/>\n<!-- \/ Yoast SEO Premium plugin. -->","yoast_head_json":{"title":"Linge de Plage Vaud, Die gute Seite des Sees | Schweizer Design \ud83c\udde8\ud83c\udded","description":"Strandtuch Vaud, Die gute Seite des Sees, originales Schweizer Design La Jonx. Gro\u00dfformat, weiches und saugf\u00e4higes Material. Ideales Schweizer Geschenk f\u00fcr den Sommer.","robots":{"index":"index","follow":"follow","max-snippet":"max-snippet:-1","max-image-preview":"max-image-preview:large","max-video-preview":"max-video-preview:-1"},"canonical":"https:\/\/www.la-jonx.ch\/de\/shop-de\/lifestyle\/strandtucher\/strandtucher-geneva-copie-copie-4\/","og_locale":"de_DE","og_type":"article","og_title":"Strandt\u00fccher - Waadt, Die gute Seite des Sees","og_description":"Strandtuch Vaud, Die gute Seite des Sees, originales Schweizer Design La Jonx. Gro\u00dfformat, weiches und saugf\u00e4higes Material. Ideales Schweizer Geschenk f\u00fcr den Sommer.","og_url":"https:\/\/www.la-jonx.ch\/de\/shop-de\/lifestyle\/strandtucher\/strandtucher-geneva-copie-copie-4\/","og_site_name":"La Jonx","article_publisher":"https:\/\/www.facebook.com\/lajonx.ch","article_modified_time":"2026-03-12T16:43:16+00:00","og_image":[{"width":1466,"height":1728,"url":"https:\/\/www.la-jonx.ch\/wp-content\/uploads\/2025\/08\/le-bon-cote-du-lac-vaud-ling-de-plage.webp","type":"image\/webp"}],"twitter_card":"summary_large_image","twitter_misc":{"Preis":"&#67;&#72;&#70;&nbsp;40.0","Verf\u00fcgbarkeit":"ausverkauft"},"schema":{"@context":"https:\/\/schema.org","@graph":[{"@type":"WebPage","@id":"https:\/\/www.la-jonx.ch\/de\/shop-de\/lifestyle\/strandtucher\/strandtucher-geneva-copie-copie-4\/","url":"https:\/\/www.la-jonx.ch\/de\/shop-de\/lifestyle\/strandtucher\/strandtucher-geneva-copie-copie-4\/","name":"Linge de Plage Vaud, Die gute Seite des Sees | Schweizer Design \ud83c\udde8\ud83c\udded","isPartOf":{"@id":"https:\/\/www.la-jonx.ch\/de\/#website"},"primaryImageOfPage":{"@id":"https:\/\/www.la-jonx.ch\/de\/shop-de\/lifestyle\/strandtucher\/strandtucher-geneva-copie-copie-4\/#primaryimage"},"image":{"@id":"https:\/\/www.la-jonx.ch\/de\/shop-de\/lifestyle\/strandtucher\/strandtucher-geneva-copie-copie-4\/#primaryimage"},"thumbnailUrl":"https:\/\/www.la-jonx.ch\/wp-content\/uploads\/2025\/08\/le-bon-cote-du-lac-vaud-ling-de-plage.webp","datePublished":"2025-08-20T12:39:17+00:00","dateModified":"2026-03-12T16:43:16+00:00","description":"Strandtuch Vaud, Die gute Seite des Sees, originales Schweizer Design La Jonx. Gro\u00dfformat, weiches und saugf\u00e4higes Material. Ideales Schweizer Geschenk f\u00fcr den Sommer.","breadcrumb":{"@id":"https:\/\/www.la-jonx.ch\/de\/shop-de\/lifestyle\/strandtucher\/strandtucher-geneva-copie-copie-4\/#breadcrumb"},"inLanguage":"de","potentialAction":[{"@type":"ReadAction","target":["https:\/\/www.la-jonx.ch\/de\/shop-de\/lifestyle\/strandtucher\/strandtucher-geneva-copie-copie-4\/"]}]},{"@type":"ImageObject","inLanguage":"de","@id":"https:\/\/www.la-jonx.ch\/de\/shop-de\/lifestyle\/strandtucher\/strandtucher-geneva-copie-copie-4\/#primaryimage","url":"https:\/\/www.la-jonx.ch\/wp-content\/uploads\/2025\/08\/le-bon-cote-du-lac-vaud-ling-de-plage.webp","contentUrl":"https:\/\/www.la-jonx.ch\/wp-content\/uploads\/2025\/08\/le-bon-cote-du-lac-vaud-ling-de-plage.webp","width":1466,"height":1728},{"@type":"BreadcrumbList","@id":"https:\/\/www.la-jonx.ch\/de\/shop-de\/lifestyle\/strandtucher\/strandtucher-geneva-copie-copie-4\/#breadcrumb","itemListElement":[{"@type":"ListItem","position":1,"name":"Accueil","item":"https:\/\/www.la-jonx.ch\/de\/"},{"@type":"ListItem","position":2,"name":"Shop","item":"https:\/\/www.la-jonx.ch\/shop\/?lang=de"},{"@type":"ListItem","position":3,"name":"Lifestyle","item":"https:\/\/www.la-jonx.ch\/de\/produktkategorie\/lifestyle\/"},{"@type":"ListItem","position":4,"name":"Strandt\u00fccher","item":"https:\/\/www.la-jonx.ch\/de\/produktkategorie\/lifestyle\/strandtucher\/"},{"@type":"ListItem","position":5,"name":"Strandt\u00fccher &#8211; Waadt, Die gute Seite des Sees"}]},{"@type":"WebSite","@id":"https:\/\/www.la-jonx.ch\/de\/#website","url":"https:\/\/www.la-jonx.ch\/de\/","name":"La Jonx","description":"Schweizer Grafikwerkstatt","publisher":{"@id":"https:\/\/www.la-jonx.ch\/de\/#organization"},"potentialAction":[{"@type":"SearchAction","target":{"@type":"EntryPoint","urlTemplate":"https:\/\/www.la-jonx.ch\/de\/?s={search_term_string}"},"query-input":{"@type":"PropertyValueSpecification","valueRequired":true,"valueName":"search_term_string"}}],"inLanguage":"de"},{"@type":"Organization","@id":"https:\/\/www.la-jonx.ch\/de\/#organization","name":"La Jonx","url":"https:\/\/www.la-jonx.ch\/de\/","logo":{"@type":"ImageObject","inLanguage":"de","@id":"https:\/\/www.la-jonx.ch\/de\/#\/schema\/logo\/image\/","url":"https:\/\/www.la-jonx.ch\/wp-content\/uploads\/2021\/09\/logo-la-jonx-atzelier-graphique.png","contentUrl":"https:\/\/www.la-jonx.ch\/wp-content\/uploads\/2021\/09\/logo-la-jonx-atzelier-graphique.png","width":378,"height":129,"caption":"La Jonx"},"image":{"@id":"https:\/\/www.la-jonx.ch\/de\/#\/schema\/logo\/image\/"},"sameAs":["https:\/\/www.facebook.com\/lajonx.ch","https:\/\/www.instagram.com\/lajonx.ch\/?hl=fr"]}]},"product_price_amount":"40.0","product_price_currency":"CHF","og_availability":"out of stock","product_availability":"out of stock","product_retailer_item_id":"3760442020253","product_condition":"new"},"additional_image_1":"https:\/\/www.la-jonx.ch\/wp-content\/uploads\/2025\/08\/linge-le-bon-cote-du-lac-recto.webp","additional_image_2":"https:\/\/www.la-jonx.ch\/wp-content\/uploads\/2025\/08\/linge-le-bon-cote-du-lac-verso.webp","uagb_featured_image_src":{"full":["https:\/\/www.la-jonx.ch\/wp-content\/uploads\/2025\/08\/le-bon-cote-du-lac-vaud-ling-de-plage.webp",1466,1728,false],"thumbnail":["https:\/\/www.la-jonx.ch\/wp-content\/uploads\/2025\/08\/le-bon-cote-du-lac-vaud-ling-de-plage-150x150.webp",150,150,true],"medium":["https:\/\/www.la-jonx.ch\/wp-content\/uploads\/2025\/08\/le-bon-cote-du-lac-vaud-ling-de-plage-255x300.webp",255,300,true],"medium_large":["https:\/\/www.la-jonx.ch\/wp-content\/uploads\/2025\/08\/le-bon-cote-du-lac-vaud-ling-de-plage-768x905.webp",768,905,true],"large":["https:\/\/www.la-jonx.ch\/wp-content\/uploads\/2025\/08\/le-bon-cote-du-lac-vaud-ling-de-plage-869x1024.webp",869,1024,true],"1536x1536":["https:\/\/www.la-jonx.ch\/wp-content\/uploads\/2025\/08\/le-bon-cote-du-lac-vaud-ling-de-plage-1303x1536.webp",1303,1536,true],"2048x2048":["https:\/\/www.la-jonx.ch\/wp-content\/uploads\/2025\/08\/le-bon-cote-du-lac-vaud-ling-de-plage.webp",1466,1728,false],"woocommerce_thumbnail":["https:\/\/www.la-jonx.ch\/wp-content\/uploads\/2025\/08\/le-bon-cote-du-lac-vaud-ling-de-plage-350x420.webp",350,420,true],"woocommerce_single":["https:\/\/www.la-jonx.ch\/wp-content\/uploads\/2025\/08\/le-bon-cote-du-lac-vaud-ling-de-plage-510x601.webp",510,601,true],"woocommerce_gallery_thumbnail":["https:\/\/www.la-jonx.ch\/wp-content\/uploads\/2025\/08\/le-bon-cote-du-lac-vaud-ling-de-plage-100x100.webp",100,100,true],"dgwt-wcas-product-suggestion":["https:\/\/www.la-jonx.ch\/wp-content\/uploads\/2025\/08\/le-bon-cote-du-lac-vaud-ling-de-plage.webp",64,75,false]},"uagb_author_info":{"display_name":"L'atelier La Jonx","author_link":"https:\/\/www.la-jonx.ch\/de\/author\/"},"uagb_comment_info":0,"uagb_excerpt":"Dieses Strandtuch Vaud, Die gute Seite des Sees ist eine originelle Kreation, handgezeichnet in unserem Atelier in Genf. Ein originelles und poetisches Geschenk.Die gute Seite des Sees auf Ihrem Strandtuch. Seite Vaud, nat\u00fcrlich \u2014 es ist die sch\u00f6nste.","_links":{"self":[{"href":"https:\/\/www.la-jonx.ch\/de\/wp-json\/wp\/v2\/product\/39903","targetHints":{"allow":["GET"]}}],"collection":[{"href":"https:\/\/www.la-jonx.ch\/de\/wp-json\/wp\/v2\/product"}],"about":[{"href":"https:\/\/www.la-jonx.ch\/de\/wp-json\/wp\/v2\/types\/product"}],"wp:featuredmedia":[{"embeddable":true,"href":"https:\/\/www.la-jonx.ch\/de\/wp-json\/wp\/v2\/media\/39914"}],"wp:attachment":[{"href":"https:\/\/www.la-jonx.ch\/de\/wp-json\/wp\/v2\/media?parent=39903"}],"wp:term":[{"taxonomy":"product_brand","embeddable":true,"href":"https:\/\/www.la-jonx.ch\/de\/wp-json\/wp\/v2\/product_brand?post=39903"},{"taxonomy":"product_cat","embeddable":true,"href":"https:\/\/www.la-jonx.ch\/de\/wp-json\/wp\/v2\/product_cat?post=39903"},{"taxonomy":"product_tag","embeddable":true,"href":"https:\/\/www.la-jonx.ch\/de\/wp-json\/wp\/v2\/product_tag?post=39903"}],"curies":[{"name":"wp","href":"https:\/\/api.w.org\/{rel}","templated":true}]}}